{"id":28,"date":"2019-02-14T21:42:25","date_gmt":"2019-02-14T20:42:25","guid":{"rendered":"http:\/\/c1300651.ferozo.com\/wp\/?page_id=28"},"modified":"2026-04-13T09:20:42","modified_gmt":"2026-04-13T12:20:42","slug":"28-2","status":"publish","type":"page","link":"http:\/\/www.teresaparodi.com.ar\/","title":{"rendered":"Home"},"content":{"rendered":"\n<p>[et_pb_section fb_built=&#8221;1&#8243; disabled_on=&#8221;on|on|off&#8221; admin_label=&#8221;portada con imagen de fondo&#8221; _builder_version=&#8221;3.19.18&#8243; background_image=&#8221;http:\/\/www.teresaparodi.com.ar\/wp\/wp-content\/uploads\/2019\/05\/MG_8258c-min.jpg&#8221; parallax=&#8221;on&#8221; custom_margin=&#8221;-150px||&#8221; custom_padding=&#8221;652px|0|428px|0px|false|false&#8221;][et_pb_row use_custom_width=&#8221;on&#8221; custom_width_px=&#8221;909px&#8221; custom_padding=&#8221;27px|0|27px|0px|false|false&#8221; _builder_version=&#8221;3.19.14&#8243; module_alignment=&#8221;center&#8221;][et_pb_column type=&#8221;4_4&#8243; _builder_version=&#8221;3.19.14&#8243;][et_pb_image src=&#8221;http:\/\/c1300651.ferozo.com\/wp\/wp-content\/uploads\/2019\/02\/Asset-2.png&#8221; align=&#8221;center&#8221; disabled_on=&#8221;on|on|off&#8221; admin_label=&#8221;logo teresa parodi encabezado&#8221; _builder_version=&#8221;3.19.14&#8243; max_width=&#8221;80%&#8221;][\/et_pb_image][\/et_pb_column][\/et_pb_row][et_pb_row use_custom_width=&#8221;on&#8221; custom_width_px=&#8221;909px&#8221; custom_padding=&#8221;27px|0|27px|0px|false|false&#8221; _builder_version=&#8221;3.19.14&#8243; module_alignment=&#8221;center&#8221;][et_pb_column type=&#8221;4_4&#8243; _builder_version=&#8221;3.19.14&#8243;][et_pb_image src=&#8221;http:\/\/www.teresaparodi.com.ar\/wp\/wp-content\/uploads\/2019\/02\/Asset-10.png&#8221; align=&#8221;center&#8221; disabled_on=&#8221;off|off|on&#8221; admin_label=&#8221;logo teresa parodi encabezado&#8221; _builder_version=&#8221;3.19.14&#8243; max_width=&#8221;80%&#8221;][\/et_pb_image][\/et_pb_column][\/et_pb_row][et_pb_row custom_padding=&#8221;89px|50px|27px|0|false|false&#8221; disabled_on=&#8221;on|on|off&#8221; _builder_version=&#8221;3.19.14&#8243; module_alignment=&#8221;center&#8221;][et_pb_column type=&#8221;1_3&#8243; _builder_version=&#8221;3.19.14&#8243;][et_pb_button button_url=&#8221;http:\/\/www.teresaparodi.com.ar\/#bio&#8221; button_text=&#8221;BIO&#8221; button_alignment=&#8221;right&#8221; admin_label=&#8221;menu bio&#8221; _builder_version=&#8221;3.19.14&#8243; custom_button=&#8221;on&#8221; button_text_size=&#8221;35px&#8221; button_text_color=&#8221;#FFFFFF&#8221; button_border_width=&#8221;0px&#8221; button_border_color=&#8221;#FFFFFF&#8221; button_border_radius=&#8221;0px&#8221; button_letter_spacing=&#8221;1px&#8221; button_font=&#8221;Raleway|600|||||||&#8221; button_use_icon=&#8221;off&#8221; filter_brightness=&#8221;88%&#8221; button_bg_color__hover_enabled=&#8221;on&#8221; button_bg_color__hover=&#8221;rgba(255,255,255,0)&#8221; button_text_color__hover_enabled=&#8221;on&#8221; button_text_color__hover=&#8221;#abb6c8&#8243; button_text_size__hover=&#8221;30px&#8221;][\/et_pb_button][\/et_pb_column][et_pb_column type=&#8221;1_3&#8243; _builder_version=&#8221;3.19.14&#8243;][et_pb_button button_url=&#8221;http:\/\/www.teresaparodi.com.ar\/?page_id=232&#8243; button_text=&#8221;DISCOGRAF\u00cdA&#8221; admin_label=&#8221;menu discografia&#8221; _builder_version=&#8221;3.19.18&#8243; custom_button=&#8221;on&#8221; button_text_size=&#8221;35px&#8221; button_text_color=&#8221;#FFFFFF&#8221; button_border_width=&#8221;0px&#8221; button_border_color=&#8221;#FFFFFF&#8221; button_border_radius=&#8221;0px&#8221; button_letter_spacing=&#8221;1px&#8221; button_font=&#8221;Raleway|600|||||||&#8221; button_use_icon=&#8221;off&#8221; filter_brightness=&#8221;88%&#8221; button_bg_color__hover_enabled=&#8221;on&#8221; button_bg_color__hover=&#8221;rgba(255,255,255,0)&#8221; button_text_color__hover_enabled=&#8221;on&#8221; button_text_color__hover=&#8221;#abb6c8&#8243; button_text_size__hover_enabled=&#8221;on&#8221; button_text_size__hover=&#8221;35px&#8221;][\/et_pb_button][\/et_pb_column][et_pb_column type=&#8221;1_3&#8243; _builder_version=&#8221;3.19.14&#8243;][et_pb_button button_url=&#8221;http:\/\/www.teresaparodi.com.ar\/#redessociales&#8221; button_text=&#8221;REDES&#8221; button_alignment=&#8221;left&#8221; admin_label=&#8221;menu redes&#8221; _builder_version=&#8221;3.19.14&#8243; custom_button=&#8221;on&#8221; button_text_size=&#8221;35px&#8221; button_text_color=&#8221;#FFFFFF&#8221; button_border_width=&#8221;0px&#8221; button_border_color=&#8221;#FFFFFF&#8221; button_border_radius=&#8221;0px&#8221; button_letter_spacing=&#8221;1px&#8221; button_font=&#8221;Raleway|600|||||||&#8221; button_use_icon=&#8221;off&#8221; filter_brightness=&#8221;88%&#8221; button_bg_color__hover_enabled=&#8221;on&#8221; button_bg_color__hover=&#8221;rgba(255,255,255,0)&#8221; button_text_color__hover_enabled=&#8221;on&#8221; button_text_color__hover=&#8221;#abb6c8&#8243; button_text_size__hover=&#8221;40px&#8221;][\/et_pb_button][\/et_pb_column][\/et_pb_row][\/et_pb_section][et_pb_section fb_built=&#8221;1&#8243; disabled_on=&#8221;off|off|on&#8221; admin_label=&#8221;portada con imagen de fondo (mobile)&#8221; _builder_version=&#8221;3.19.18&#8243; background_image=&#8221;http:\/\/www.teresaparodi.com.ar\/wp\/wp-content\/uploads\/2019\/03\/ParodiBackground-08.png&#8221; parallax=&#8221;on&#8221; custom_margin=&#8221;0px||&#8221; custom_padding=&#8221;200px|0|200px|0px|false|false&#8221;][et_pb_row use_custom_width=&#8221;on&#8221; custom_width_px=&#8221;909px&#8221; custom_padding=&#8221;0px|0|0px|0px|false|false&#8221; _builder_version=&#8221;3.19.18&#8243; module_alignment=&#8221;center&#8221;][et_pb_column type=&#8221;4_4&#8243; _builder_version=&#8221;3.19.14&#8243;][et_pb_image src=&#8221;http:\/\/www.teresaparodi.com.ar\/wp\/wp-content\/uploads\/2019\/02\/Asset-10.png&#8221; align=&#8221;center&#8221; disabled_on=&#8221;off|off|on&#8221; admin_label=&#8221;logo teresa parodi encabezado&#8221; _builder_version=&#8221;3.19.14&#8243; max_width=&#8221;80%&#8221;][\/et_pb_image][\/et_pb_column][\/et_pb_row][\/et_pb_section]<\/p>\n\n\n<p>[et_pb_section fb_built=&#8221;1&#8243; admin_label=&#8221;seccion bio&#8221; module_id=&#8221;bio&#8221; _builder_version=&#8221;3.19.14&#8243; background_color=&#8221;#ead9ce&#8221; border_style_all=&#8221;none&#8221;][et_pb_row _builder_version=&#8221;3.19.14&#8243;][et_pb_column type=&#8221;1_2&#8243; _builder_version=&#8221;3.19.14&#8243;][et_pb_image src=&#8221;http:\/\/c1300651.ferozo.com\/wp\/wp-content\/uploads\/2019\/02\/Asset-3.png&#8221; admin_label=&#8221;titulo BIO&#8221; _builder_version=&#8221;3.19.14&#8243; max_width=&#8221;35%&#8221; custom_margin=&#8221;40px||80px&#8221;][\/et_pb_image][et_pb_image src=&#8221;http:\/\/www.teresaparodi.com.ar\/wp\/wp-content\/uploads\/2019\/05\/MG_7994-min.jpg&#8221; admin_label=&#8221;imagen&#8221; _builder_version=&#8221;3.19.18&#8243; box_shadow_style=&#8221;preset4&#8243; box_shadow_horizontal=&#8221;-45px&#8221; box_shadow_vertical=&#8221;45px&#8221; box_shadow_color=&#8221;#abb6c8&#8243;][\/et_pb_image][\/et_pb_column][et_pb_column type=&#8221;1_2&#8243; _builder_version=&#8221;3.19.14&#8243;][et_pb_divider show_divider=&#8221;off&#8221; height=&#8221;240px&#8221; _builder_version=&#8221;3.19.14&#8243;][\/et_pb_divider][et_pb_text admin_label=&#8221;texto bio&#8221; _builder_version=&#8221;3.19.18&#8243; text_font=&#8221;Raleway||||||||&#8221; text_font_size=&#8221;18px&#8221; link_font=&#8221;||||||||&#8221; link_text_color=&#8221;#000000&#8243;]<\/p>\n<p class=\"p1\"><span class=\"s1\">Teresa<b> <\/b>Parodi es una de las figuras m\u00e1s l\u00facidas e inspiradas y m\u00e1s representativa de la m\u00fasica popular argentina y latinoamericana en su doble rol de cantautora y compositora de m\u00fasica de ra\u00edz folcl\u00f3rica, originaria de la ciudad de Corrientes, capital de la provincia hom\u00f3nima del litoral argentino.<\/span><\/p>\n<p class=\"p1\"><span class=\"s1\">Su carrera tiene como punto de partida de reconocimiento masivo a nivel nacional e internacional el <b>Premio Consagraci\u00f3n del Festival Nacional de Folklore de Cosqu\u00edn en 1984<\/b>. Ha sido reconocida, entre otras distinciones, con el <b>Konex de Platino al mejor autor-compositor de la d\u00e9cada 1995-2015<\/b>, con el <b>&#8216;Cam\u00edn de Oro&#8217; a la Trayectoria (1999, Festival Nacional de Cosqu\u00edn)<\/b>, con el <b>Premio del Fondo Nacional de las Artes (1999)<\/b>, con el <b>Gran Premio Nacional de Artes y Ciencias (2011)<\/b>, con el <b>Premio Gardel a la Trayectoria (2019)<\/b>, el <b>Premio Andrea Parodi Mejor Artista World Music International 2024 (Cagliari, Italia)<\/b>, el <b>Premio Tenco Canci\u00f3n de Autor 2024 (San Remo, Italia)<\/b> y el <b>Premio Gardel Mejor Canci\u00f3n Folcl\u00f3rica 2025<\/b>. Desde la creaci\u00f3n de su primer gran \u00e9xito Pedro Canoero, hasta la fecha, <b>ha compuesto m\u00e1s de seiscientas obras<\/b> que recrean la identidad y la realidad de su paisaje, canciones que fueron cantadas por las voces m\u00e1s importantes de Am\u00e9rica e incluidas en sus <b>treinta y tres discos editados<\/b>.<\/span><\/p>\n<p class=\"p1\"><span class=\"s1\">En 1979 el maestro <b>Astor Piazzolla<\/b> la convoc\u00f3 para integrar su Quinteto como cantante. Fue <b>Ministra de Cultura de la Naci\u00f3n<\/b> en 2014-2015. Ha recorrido festivales y teatros del pa\u00eds y del mundo con su m\u00fasica, present\u00e1ndose en varios pa\u00edses de Latinoam\u00e9rica, Europa y los Estados Unidos. Comparti\u00f3 escenario con artistas de los m\u00e1s variados universos y generaciones: <b>desde Astor Piazzolla a Mercedes Sosa<\/b>, Pablo Milan\u00e9s, V\u00edctor Heredia, Le\u00f3n Gieco, Pedro Aznar, Peteco Carabajal, Nano Stern, Ana Prada, Tosca Donatti y un largo etc\u00e9tera.<\/span><\/p>\n<p class=\"p1\"><span class=\"s1\">Entre sus trabajos m\u00e1s recientes se destacan <b>&#8220;Todo lo que tengo&#8221;<\/b>, donde musicaliza poes\u00eda de Borges, Cort\u00e1zar, Walsh y Neruda; <b>&#8220;Tu voz es mi voz&#8221;<\/b>, grabado en vivo junto a V\u00edctor Heredia; <b>&#8220;Despu\u00e9s de todo&#8221;<\/b>, gestado durante la pandemia; y <b>&#8220;Retrato de familia&#8221;<\/b>, nominado a los Premios Gardel 2024, considerado una de las obras m\u00e1s logradas de su carrera.<\/span><\/p>\n<p class=\"p1\"><span class=\"s1\">En 2025 presenta <b>&#8220;Siempre a la misma hora&#8221;<\/b>, distinguida con el Premio Gardel a la Mejor Canci\u00f3n Folcl\u00f3rica. En 2026 presenta los sencillos <b>&#8220;Me veo en vos&#8221;<\/b>, una fusi\u00f3n de murga, rap y canci\u00f3n popular grabada junto a la murga uruguaya Do\u00f1a Bastarda y la rapera Shitstem, y <b>&#8220;Sin miedo&#8221;<\/b>, grabada junto a Julia Zenko, adelantos de su nuevo \u00e1lbum <b>Hasta que amanezca<\/b>, que ver\u00e1 la luz en mayo. Cuarenta y dos a\u00f1os de trabajo creativo incesante que, con su sello inconfundible y luz propia, forman parte integrante del acervo cultural argentino y latinoamericano.<\/span><\/p>\n<p>[\/et_pb_text][\/et_pb_column][\/et_pb_row][\/et_pb_section]<\/p>\n\n\n<p>[et_pb_section fb_built=&#8221;1&#8243; admin_label=&#8221;seccion redes sociales&#8221; module_id=&#8221;redessociales&#8221; _builder_version=&#8221;3.19.14&#8243; background_image=&#8221;http:\/\/c1300651.ferozo.com\/wp\/wp-content\/uploads\/2019\/02\/Asset-6.png&#8221; parallax=&#8221;on&#8221; border_style_all=&#8221;none&#8221; custom_padding=&#8221;417px|0|54px|0px|false|false&#8221;][et_pb_row _builder_version=&#8221;3.19.14&#8243;][et_pb_column type=&#8221;1_2&#8243; _builder_version=&#8221;3.19.14&#8243;][et_pb_image src=&#8221;http:\/\/c1300651.ferozo.com\/wp\/wp-content\/uploads\/2019\/02\/Asset-7.png&#8221; disabled_on=&#8221;on|on|off&#8221; admin_label=&#8221;titulo redes sociales&#8221; _builder_version=&#8221;3.19.14&#8243;][\/et_pb_image][et_pb_image src=&#8221;http:\/\/www.teresaparodi.com.ar\/wp\/wp-content\/uploads\/2019\/02\/Asset-12.png&#8221; disabled_on=&#8221;off|off|on&#8221; admin_label=&#8221;titulo redes sociales&#8221; _builder_version=&#8221;3.19.14&#8243;][\/et_pb_image][\/et_pb_column][et_pb_column type=&#8221;1_2&#8243; _builder_version=&#8221;3.19.14&#8243;][\/et_pb_column][\/et_pb_row][et_pb_row _builder_version=&#8221;3.19.14&#8243;][et_pb_column type=&#8221;1_2&#8243; _builder_version=&#8221;3.19.14&#8243;][et_pb_text admin_label=&#8221;titulo FB&#8221; _builder_version=&#8221;3.19.14&#8243; text_font=&#8221;Raleway|800|||||||&#8221; text_text_color=&#8221;#000000&#8243; text_font_size=&#8221;35px&#8221;]<\/p>\n<p>Facebook<\/p>\n<p>[\/et_pb_text][et_pb_code admin_label=&#8221;embedded fb&#8221; _builder_version=&#8221;3.19.14&#8243; global_module=&#8221;45&#8243;]<iframe loading=\"lazy\" style=\"border: none; overflow: hidden;\" src=\"https:\/\/www.facebook.com\/plugins\/page.php?href=https%3A%2F%2Fwww.facebook.com%2Fteresaparodi.oficial&amp;tabs=timeline&amp;width=600&amp;height=500&amp;small_header=false&amp;adapt_container_width=true&amp;hide_cover=false&amp;show_facepile=true&amp;appId=1942732035950767\" width=\"600\" height=\"550\" frameborder=\"0\" scrolling=\"no\"><\/iframe>[\/et_pb_code][\/et_pb_column][et_pb_column type=&#8221;1_2&#8243; _builder_version=&#8221;3.19.14&#8243;][et_pb_text admin_label=&#8221;titulo TW&#8221; _builder_version=&#8221;3.19.14&#8243; text_font=&#8221;Raleway|800|||||||&#8221; text_text_color=&#8221;#000000&#8243; text_font_size=&#8221;35px&#8221;]<\/p>\n<p>Twitter<\/p>\n<p>[\/et_pb_text][et_pb_code admin_label=&#8221;embedded tw&#8221; _builder_version=&#8221;3.19.14&#8243;]<a class=\"twitter-timeline\" href=\"https:\/\/twitter.com\/TeresaParodiOk?ref_src=twsrc%5Etfw\" data-width=\"500\" data-height=\"600\">Tweets by TeresaParodiOk<\/a> <script async src=\"https:\/\/platform.twitter.com\/widgets.js\" charset=\"utf-8\"><\/script>[\/et_pb_code][\/et_pb_column][\/et_pb_row][\/et_pb_section]<\/p>\n","protected":false},"excerpt":{"rendered":"<p>[et_pb_section fb_built=&#8221;1&#8243; disabled_on=&#8221;on|on|off&#8221; admin_label=&#8221;portada con imagen de fondo&#8221; _builder_version=&#8221;3.19.18&#8243; background_image=&#8221;http:\/\/www.teresaparodi.com.ar\/wp\/wp-content\/uploads\/2019\/05\/MG_8258c-min.jpg&#8221; parallax=&#8221;on&#8221; custom_margin=&#8221;-150px||&#8221; custom_padding=&#8221;652px|0|428px|0px|false|false&#8221;][et_pb_row use_custom_width=&#8221;on&#8221; custom_width_px=&#8221;909px&#8221; custom_padding=&#8221;27px|0|27px|0px|false|false&#8221; _builder_version=&#8221;3.19.14&#8243; module_alignment=&#8221;center&#8221;][et_pb_column type=&#8221;4_4&#8243; _builder_version=&#8221;3.19.14&#8243;][et_pb_image src=&#8221;http:\/\/c1300651.ferozo.com\/wp\/wp-content\/uploads\/2019\/02\/Asset-2.png&#8221; align=&#8221;center&#8221; disabled_on=&#8221;on|on|off&#8221; admin_label=&#8221;logo teresa parodi encabezado&#8221; _builder_version=&#8221;3.19.14&#8243; max_width=&#8221;80%&#8221;][\/et_pb_image][\/et_pb_column][\/et_pb_row][et_pb_row use_custom_width=&#8221;on&#8221; custom_width_px=&#8221;909px&#8221; custom_padding=&#8221;27px|0|27px|0px|false|false&#8221; _builder_version=&#8221;3.19.14&#8243; module_alignment=&#8221;center&#8221;][et_pb_column type=&#8221;4_4&#8243; _builder_version=&#8221;3.19.14&#8243;][et_pb_image src=&#8221;http:\/\/www.teresaparodi.com.ar\/wp\/wp-content\/uploads\/2019\/02\/Asset-10.png&#8221; align=&#8221;center&#8221; disabled_on=&#8221;off|off|on&#8221; admin_label=&#8221;logo teresa parodi encabezado&#8221; _builder_version=&#8221;3.19.14&#8243; max_width=&#8221;80%&#8221;][\/et_pb_image][\/et_pb_column][\/et_pb_row][et_pb_row custom_padding=&#8221;89px|50px|27px|0|false|false&#8221; disabled_on=&#8221;on|on|off&#8221; _builder_version=&#8221;3.19.14&#8243; module_alignment=&#8221;center&#8221;][et_pb_column type=&#8221;1_3&#8243; _builder_version=&#8221;3.19.14&#8243;][et_pb_button button_url=&#8221;http:\/\/www.teresaparodi.com.ar\/#bio&#8221; button_text=&#8221;BIO&#8221; button_alignment=&#8221;right&#8221; admin_label=&#8221;menu [&hellip;]<\/p>\n","protected":false},"author":1,"featured_media":0,"parent":0,"menu_order":0,"comment_status":"closed","ping_status":"closed","template":"","meta":{"_et_pb_use_builder":"on","_et_pb_old_content":"","footnotes":""},"class_list":["post-28","page","type-page","status-publish","hentry"],"_links":{"self":[{"href":"http:\/\/www.teresaparodi.com.ar\/index.php?rest_route=\/wp\/v2\/pages\/28","targetHints":{"allow":["GET"]}}],"collection":[{"href":"http:\/\/www.teresaparodi.com.ar\/index.php?rest_route=\/wp\/v2\/pages"}],"about":[{"href":"http:\/\/www.teresaparodi.com.ar\/index.php?rest_route=\/wp\/v2\/types\/page"}],"author":[{"embeddable":true,"href":"http:\/\/www.teresaparodi.com.ar\/index.php?rest_route=\/wp\/v2\/users\/1"}],"replies":[{"embeddable":true,"href":"http:\/\/www.teresaparodi.com.ar\/index.php?rest_route=%2Fwp%2Fv2%2Fcomments&post=28"}],"version-history":[{"count":31,"href":"http:\/\/www.teresaparodi.com.ar\/index.php?rest_route=\/wp\/v2\/pages\/28\/revisions"}],"predecessor-version":[{"id":1529,"href":"http:\/\/www.teresaparodi.com.ar\/index.php?rest_route=\/wp\/v2\/pages\/28\/revisions\/1529"}],"wp:attachment":[{"href":"http:\/\/www.teresaparodi.com.ar\/index.php?rest_route=%2Fwp%2Fv2%2Fmedia&parent=28"}],"curies":[{"name":"wp","href":"https:\/\/api.w.org\/{rel}","templated":true}]}}